{"id":13,"date":"2021-06-03T17:34:48","date_gmt":"2021-06-03T15:34:48","guid":{"rendered":"http:\/\/bara.abson.cz\/?page_id=13"},"modified":"2025-07-08T22:58:39","modified_gmt":"2025-07-08T20:58:39","slug":"uvod","status":"publish","type":"page","link":"https:\/\/hotelbarabenecko.cz\/en\/","title":{"rendered":"\u00daVOD"},"content":{"rendered":"\n<div class=\"wp-block-cover alignwide is-light\"><img loading=\"lazy\" decoding=\"async\" width=\"1920\" height=\"919\" class=\"wp-block-cover__image-background wp-image-64\" alt=\"\" src=\"http:\/\/bara.abson.cz\/wp-content\/uploads\/2021\/06\/gray-ground.jpg\" data-object-fit=\"cover\" srcset=\"https:\/\/hotelbarabenecko.cz\/wp-content\/uploads\/2021\/06\/gray-ground.jpg 1920w, https:\/\/hotelbarabenecko.cz\/wp-content\/uploads\/2021\/06\/gray-ground-300x144.jpg 300w, https:\/\/hotelbarabenecko.cz\/wp-content\/uploads\/2021\/06\/gray-ground-1024x490.jpg 1024w, https:\/\/hotelbarabenecko.cz\/wp-content\/uploads\/2021\/06\/gray-ground-768x368.jpg 768w, https:\/\/hotelbarabenecko.cz\/wp-content\/uploads\/2021\/06\/gray-ground-1536x735.jpg 1536w, https:\/\/hotelbarabenecko.cz\/wp-content\/uploads\/2021\/06\/gray-ground-1568x751.jpg 1568w\" sizes=\"auto, (max-width: 1920px) 100vw, 1920px\" \/><span aria-hidden=\"true\" class=\"wp-block-cover__background has-background-dim-0 has-background-dim\"><\/span><div class=\"wp-block-cover__inner-container is-layout-flow wp-block-cover-is-layout-flow\">\n<div style=\"height:100px\" aria-hidden=\"true\" class=\"wp-block-spacer\"><\/div>\n\n\n\n<div class=\"wp-block-columns is-layout-flex wp-container-core-columns-is-layout-9d6595d7 wp-block-columns-is-layout-flex\">\n<div class=\"wp-block-column is-layout-flow wp-block-column-is-layout-flow\">\n<h2 class=\"wp-block-heading\"><mark style=\"background-color:rgba(0, 0, 0, 0);color:#605f5f\" class=\"has-inline-color\"><strong>\u00datuln\u00e9 horsk\u00e9<br>pokoje v relax hotelu<br>B\u00e1ra na Benecku<\/strong><\/mark><\/h2>\n\n\n\n<p><mark style=\"background-color:rgba(0, 0, 0, 0);color:#605f5f\" class=\"has-inline-color\">s&nbsp;p\u0159ekr\u00e1sn\u00fdm v\u00fdhledem na Jizersk\u00e9 hory a podh\u016f\u0159\u00ed Krkono\u0161. 26 pokoj\u016f na t\u0159ech patrech nab\u00edz\u00ed komfortn\u00ed ubytov\u00e1n\u00ed rodin\u00e1m, p\u00e1r\u016fm, skupin\u00e1m i jednotlivc\u016fm. V\u0161echny pokoje maj\u00ed vlastn\u00ed koupelnu se sprchov\u00fdm koutem a toaletou, televizi a wi-fi zdarma.<\/mark><\/p>\n\n\n\n<div style=\"height:20px\" aria-hidden=\"true\" class=\"wp-block-spacer\"><\/div>\n\n\n\n<div class=\"wp-block-buttons is-layout-flex wp-block-buttons-is-layout-flex\">\n<div class=\"wp-block-button\"><a class=\"wp-block-button__link wp-element-button\" href=\"http:\/\/hotelbarabenecko.cz\/o-hotelu\/\">\u010c\u00cdST V\u00cdCE<\/a><\/div>\n<\/div>\n<\/div>\n\n\n\n<div class=\"wp-block-column is-layout-flow wp-block-column-is-layout-flow\" style=\"flex-basis:60%\">\n<figure class=\"wp-block-image size-large nice-pic\"><img loading=\"lazy\" decoding=\"async\" width=\"1024\" height=\"768\" src=\"http:\/\/hotelbarabenecko.cz\/wp-content\/uploads\/2021\/06\/IMG_7406-1024x768.jpg\" alt=\"\" class=\"wp-image-324\" title=\"\" srcset=\"https:\/\/hotelbarabenecko.cz\/wp-content\/uploads\/2021\/06\/IMG_7406-1024x768.jpg 1024w, https:\/\/hotelbarabenecko.cz\/wp-content\/uploads\/2021\/06\/IMG_7406-300x225.jpg 300w, https:\/\/hotelbarabenecko.cz\/wp-content\/uploads\/2021\/06\/IMG_7406-768x576.jpg 768w, https:\/\/hotelbarabenecko.cz\/wp-content\/uploads\/2021\/06\/IMG_7406-1536x1152.jpg 1536w, https:\/\/hotelbarabenecko.cz\/wp-content\/uploads\/2021\/06\/IMG_7406-2048x1536.jpg 2048w, https:\/\/hotelbarabenecko.cz\/wp-content\/uploads\/2021\/06\/IMG_7406-1568x1176.jpg 1568w\" sizes=\"auto, (max-width: 1024px) 100vw, 1024px\" \/><\/figure>\n<\/div>\n<\/div>\n\n\n\n<div style=\"height:80px\" aria-hidden=\"true\" class=\"wp-block-spacer\"><\/div>\n<\/div><\/div>\n\n\n\n<div style=\"height:60px\" aria-hidden=\"true\" class=\"wp-block-spacer\"><\/div>\n\n\n\n<div class=\"wp-block-columns is-layout-flex wp-container-core-columns-is-layout-9d6595d7 wp-block-columns-is-layout-flex\">\n<div class=\"wp-block-column is-layout-flow wp-block-column-is-layout-flow\">\n<h2 class=\"wp-block-heading\">Akce na B\u00e1\u0159e<\/h2>\n\n\n\n<p><\/p>\n\n\n\n<p><strong>Letn\u00ed pobyty<\/strong> <strong>2025<\/strong><\/p>\n\n\n\n<p>Ud\u011blejte si rezervaci na letn\u00ed pobyt. M\u016f\u017eete p\u0159ijet na t\u00fdden nebo t\u0159eba prodlou\u017een\u00fd v\u00edkend a ut\u00e9ct do p\u0159\u00edrody z rozp\u00e1len\u00e9ho m\u011bsta.<\/p>\n\n\n\n<p>U n\u00e1s si ka\u017ed\u00fd najde to sv\u00e9, m\u016f\u017eete leno\u0161it u baz\u00e9nu nebo vypustit d\u011bti na d\u011btsk\u00e9 h\u0159i\u0161t\u011b. Vyrazit na po\u0159\u00e1dnou t\u00faru nebo objevit nov\u00e9 d\u011btsk\u00e9 pozn\u00e1vac\u00ed stezky  a n\u011bco se dozv\u011bd\u011bt o krkono\u0161sk\u00e9 faun\u011b a fl\u00f3\u0159e. M\u016f\u017eete vz\u00edt kolo a vydat se po silnici nebo po p\u0159\u00edrodn\u00edch trailech Benecka. Ka\u017ed\u00fd si vybere,<\/p>\n\n\n\n<p><\/p>\n\n\n\n<p><\/p>\n\n\n\n<p><\/p>\n\n\n\n<p><\/p>\n\n\n\n<p><\/p>\n\n\n\n<p><\/p>\n\n\n\n<p><\/p>\n<\/div>\n\n\n\n<div class=\"wp-block-column is-layout-flow wp-block-column-is-layout-flow\" style=\"flex-basis:65%\">\n<div class=\"wp-block-columns is-layout-flex wp-container-core-columns-is-layout-9d6595d7 wp-block-columns-is-layout-flex\">\n<div class=\"wp-block-column is-layout-flow wp-block-column-is-layout-flow\" style=\"flex-basis:100%\">\n<div class=\"wp-block-group\"><div class=\"wp-block-group__inner-container is-layout-flow wp-block-group-is-layout-flow\">\n<div class=\"wp-block-columns is-layout-flex wp-container-core-columns-is-layout-9d6595d7 wp-block-columns-is-layout-flex\">\n<div class=\"wp-block-column is-layout-flow wp-block-column-is-layout-flow\" style=\"flex-basis:100%\">\n<div class=\"wp-block-columns is-layout-flex wp-container-core-columns-is-layout-9d6595d7 wp-block-columns-is-layout-flex\">\n<div class=\"wp-block-column is-layout-flow wp-block-column-is-layout-flow\" style=\"flex-basis:100%\">\n<div class=\"wp-block-group\"><div class=\"wp-block-group__inner-container is-layout-flow wp-block-group-is-layout-flow\">\n<figure class=\"wp-block-gallery has-nested-images columns-3 is-cropped wp-block-gallery-1 is-layout-flex wp-block-gallery-is-layout-flex\">\n<figure class=\"wp-block-image size-large\"><a href=\"http:\/\/hotelbarabenecko.cz\/wp-content\/uploads\/2021\/07\/IMG_7954.jpg\"><img loading=\"lazy\" decoding=\"async\" width=\"1024\" height=\"768\" data-id=\"353\" src=\"http:\/\/hotelbarabenecko.cz\/wp-content\/uploads\/2021\/07\/IMG_7954-1024x768.jpg\" alt=\"\" class=\"wp-image-353\" srcset=\"https:\/\/hotelbarabenecko.cz\/wp-content\/uploads\/2021\/07\/IMG_7954-1024x768.jpg 1024w, https:\/\/hotelbarabenecko.cz\/wp-content\/uploads\/2021\/07\/IMG_7954-300x225.jpg 300w, https:\/\/hotelbarabenecko.cz\/wp-content\/uploads\/2021\/07\/IMG_7954-768x576.jpg 768w, https:\/\/hotelbarabenecko.cz\/wp-content\/uploads\/2021\/07\/IMG_7954-1536x1152.jpg 1536w, https:\/\/hotelbarabenecko.cz\/wp-content\/uploads\/2021\/07\/IMG_7954-1568x1176.jpg 1568w, https:\/\/hotelbarabenecko.cz\/wp-content\/uploads\/2021\/07\/IMG_7954.jpg 2016w\" sizes=\"auto, (max-width: 1024px) 100vw, 1024px\" \/><\/a><\/figure>\n\n\n\n<figure class=\"wp-block-image size-full\"><a href=\"http:\/\/hotelbarabenecko.cz\/wp-content\/uploads\/2021\/06\/MG_8556.jpg\"><img loading=\"lazy\" decoding=\"async\" width=\"739\" height=\"1000\" data-id=\"240\" src=\"http:\/\/hotelbarabenecko.cz\/wp-content\/uploads\/2021\/06\/MG_8556.jpg\" alt=\"\" class=\"wp-image-240\" srcset=\"https:\/\/hotelbarabenecko.cz\/wp-content\/uploads\/2021\/06\/MG_8556.jpg 739w, https:\/\/hotelbarabenecko.cz\/wp-content\/uploads\/2021\/06\/MG_8556-222x300.jpg 222w\" sizes=\"auto, (max-width: 739px) 100vw, 739px\" \/><\/a><\/figure>\n<\/figure>\n<\/div><\/div>\n<\/div>\n<\/div>\n<\/div>\n<\/div>\n<\/div><\/div>\n<\/div>\n<\/div>\n<\/div>\n<\/div>\n\n\n\n<div style=\"height:60px\" aria-hidden=\"true\" class=\"wp-block-spacer\"><\/div>\n\n\n\n<p><\/p>\n","protected":false},"excerpt":{"rendered":"<p>Akce na B\u00e1\u0159e Letn\u00ed pobyty 2025 Ud\u011blejte si rezervaci na letn\u00ed pobyt. M\u016f\u017eete p\u0159ijet na t\u00fdden nebo t\u0159eba prodlou\u017een\u00fd v\u00edkend a ut\u00e9ct do p\u0159\u00edrody z rozp\u00e1len\u00e9ho m\u011bsta. U n\u00e1s si ka\u017ed\u00fd najde to sv\u00e9, m\u016f\u017eete leno\u0161it u baz\u00e9nu nebo vypustit d\u011bti na d\u011btsk\u00e9 h\u0159i\u0161t\u011b. Vyrazit na po\u0159\u00e1dnou t\u00faru nebo objevit nov\u00e9 d\u011btsk\u00e9 pozn\u00e1vac\u00ed stezky a [&hellip;]<\/p>\n","protected":false},"author":1,"featured_media":0,"parent":0,"menu_order":0,"comment_status":"closed","ping_status":"closed","template":"page-home.php","meta":{"footnotes":""},"class_list":["post-13","page","type-page","status-publish","hentry"],"_links":{"self":[{"href":"https:\/\/hotelbarabenecko.cz\/en\/wp-json\/wp\/v2\/pages\/13","targetHints":{"allow":["GET"]}}],"collection":[{"href":"https:\/\/hotelbarabenecko.cz\/en\/wp-json\/wp\/v2\/pages"}],"about":[{"href":"https:\/\/hotelbarabenecko.cz\/en\/wp-json\/wp\/v2\/types\/page"}],"author":[{"embeddable":true,"href":"https:\/\/hotelbarabenecko.cz\/en\/wp-json\/wp\/v2\/users\/1"}],"replies":[{"embeddable":true,"href":"https:\/\/hotelbarabenecko.cz\/en\/wp-json\/wp\/v2\/comments?post=13"}],"version-history":[{"count":56,"href":"https:\/\/hotelbarabenecko.cz\/en\/wp-json\/wp\/v2\/pages\/13\/revisions"}],"predecessor-version":[{"id":483,"href":"https:\/\/hotelbarabenecko.cz\/en\/wp-json\/wp\/v2\/pages\/13\/revisions\/483"}],"wp:attachment":[{"href":"https:\/\/hotelbarabenecko.cz\/en\/wp-json\/wp\/v2\/media?parent=13"}],"curies":[{"name":"wp","href":"https:\/\/api.w.org\/{rel}","templated":true}]}}