{"id":17,"date":"2021-06-03T17:35:19","date_gmt":"2021-06-03T15:35:19","guid":{"rendered":"http:\/\/bara.abson.cz\/?page_id=17"},"modified":"2025-07-08T16:56:54","modified_gmt":"2025-07-08T14:56:54","slug":"ubytovani","status":"publish","type":"page","link":"https:\/\/hotelbarabenecko.cz\/en\/ubytovani\/","title":{"rendered":"UBYTOV\u00c1N\u00cd A CEN\u00cdK"},"content":{"rendered":"\n<p>Ubytov\u00e1n\u00ed nab\u00edz\u00edme v letn\u00edch i zimn\u00edch m\u011bs\u00edc\u00edch. <\/p>\n\n\n\n<p>Dosp\u011bl\u00ed  950,-K\u010d\/noc<\/p>\n\n\n\n<p>D\u00edt\u011b  790,-K\u010d\/noc<\/p>\n\n\n\n<p>Polopenze dosp\u011bl\u00fd  240,-K\u010d\/den<\/p>\n\n\n\n<p>Polopenze d\u011btsk\u00e1  180,-K\u010d\/den<\/p>\n\n\n\n<p>26 pokoj\u016f na t\u0159ech patrech nab\u00edz\u00ed komfortn\u00ed ubytov\u00e1n\u00ed. Ka\u017ed\u00fd pokoj m\u00e1 vlastn\u00ed koupelnu se sprchov\u00fdm koutem a toaletou, televiz\u00ed a wi-fi zdarma. V\u00fdhled z v\u011bt\u0161iny pokoj\u016f je na Jizersk\u00e9 ho a podh\u016f\u0159\u00ed Krkono\u0161  a stejn\u011b jako z hotelov\u00e9 terasy m\u016f\u017eete i z pokoj\u016f sledovat kr\u00e1sn\u00fd z\u00e1pad slunce.<\/p>\n\n\n\n<p>Hotel disponuje 7 dvojl\u016f\u017ekov\u00fdmi pokoji, xy 3 l\u016f\u017ekov\u00fdmi pokoji, xy 4 l\u016f\u017ekov\u00fdmi pokoji.  M\u016f\u017eeme v\u00e1m tak\u00e9 nab\u00eddnout omezen\u00e9 mno\u017estv\u00ed apartm\u00e1n\u016f. Na pokoj je mo\u017en\u00e9 p\u0159idat p\u0159ist\u00fdlku, pokud to velikost pokoje dovol\u00ed.<\/p>\n\n\n\n<p>Dom\u00e1c\u00ed mazl\u00ed\u010dci jsou u n\u00e1s v\u00edt\u00e1ni, budeme v\u0161ak r\u00e1di, kdy\u017e n\u00e1s o nich budete informovat p\u0159i rezervaci. Pobyt psa je zpoplatn\u011bn \u010d\u00e1stkou 150,-K\u010d\/noc.<\/p>\n\n\n\n<p><strong>Check in: od 14:00<\/strong><\/p>\n\n\n\n<p><strong>Check out: do 10:00<\/strong><\/p>\n\n\n\n<p>P\u0159i frekventovan\u00fdch t\u00fddnech jako jsou jarn\u00ed pr\u00e1zdniny nebo letn\u00ed m\u011bs\u00edce, d\u011bl\u00e1me v\u0161e pro to, abychom v\u00e1s obslou\u017eili co nejrychleji a pokoje byly p\u0159ipraven\u00e9.<\/p>\n\n\n\n<p>Pro hotelov\u00e9 hosty nab\u00edz\u00edme k&nbsp;ubytov\u00e1n\u00ed standardn\u011b polopenzi. Sn\u00eddan\u011b p\u0159ipravujeme formou \u0161v\u00e9dsk\u00fdch stol\u016f (pokud nen\u00ed n\u011bjak\u00e9 hygienick\u00e9 omezen\u00ed ) v&nbsp;dob\u011b od 7:30 do 9:30 hodin, k&nbsp;ve\u010de\u0159i nab\u00edz\u00edme serv\u00edrovan\u00e9 menu s v\u00fdb\u011brem ze t\u0159\u00ed hlavn\u00edch j\u00eddel. Pokud host projev\u00ed z\u00e1jem m\u016f\u017eeme se domluvit i na jin\u00e9 form\u011b. Vych\u00e1z\u00edme vst\u0159\u00edc i host\u016fm s&nbsp;dietn\u00edm omezen\u00edm.&nbsp;<\/p>\n\n\n<style>.wp-block-kadence-advancedgallery .kb-gallery-type-grid.kb-gallery-id-17_bf65d1-64{margin:-5px;}.kb-gallery-type-grid.kb-gallery-id-17_bf65d1-64 .kadence-blocks-gallery-item{padding:5px;}.kb-gallery-id-17_bf65d1-64 .kadence-blocks-gallery-item .kb-gal-image-radius, .kb-gallery-id-17_bf65d1-64 .kb-slide-item .kb-gal-image-radius img{border-radius:0px 0px 0px 0px;;}<\/style><div class=\"kb-gallery-wrap-id-17_bf65d1-64 alignnone wp-block-kadence-advancedgallery\"><ul class=\"kb-gallery-ul kb-gallery-non-static kb-gallery-type-grid kb-gallery-id-17_bf65d1-64 kb-gallery-caption-style-bottom-hover kb-gallery-filter-none kb-gallery-magnific-init\" data-image-filter=\"none\" data-item-selector=\".kadence-blocks-gallery-item\" data-lightbox-caption=\"true\" data-columns-xxl=\"3\" data-columns-xl=\"3\" data-columns-md=\"3\" data-columns-sm=\"2\" data-columns-xs=\"1\" data-columns-ss=\"1\"><li class=\"kadence-blocks-gallery-item\"><div class=\"kadence-blocks-gallery-item-inner\"><figure class=\"kb-gallery-figure kb-gallery-item-has-link kadence-blocks-gallery-item-hide-caption\" \"><a href=\"http:\/\/hotelbarabenecko.cz\/wp-content\/uploads\/2021\/06\/Hotel-Bara-66.jpg\" class=\"kb-gallery-item-link\"  ><div class=\"kb-gal-image-radius\"><div class=\"kb-gallery-image-contain kadence-blocks-gallery-intrinsic kb-gallery-image-ratio-land32 kb-has-image-ratio-land32\" ><img loading=\"lazy\" decoding=\"async\" src=\"http:\/\/hotelbarabenecko.cz\/wp-content\/uploads\/2021\/06\/Hotel-Bara-66-1024x766.jpg\" width=\"1024\" height=\"766\" alt=\"\" data-full-image=\"http:\/\/hotelbarabenecko.cz\/wp-content\/uploads\/2021\/06\/Hotel-Bara-66.jpg\" data-light-image=\"http:\/\/hotelbarabenecko.cz\/wp-content\/uploads\/2021\/06\/Hotel-Bara-66.jpg\" data-id=\"289\" class=\"wp-image-289\" srcset=\"https:\/\/hotelbarabenecko.cz\/wp-content\/uploads\/2021\/06\/Hotel-Bara-66-1024x766.jpg 1024w, https:\/\/hotelbarabenecko.cz\/wp-content\/uploads\/2021\/06\/Hotel-Bara-66-300x225.jpg 300w, https:\/\/hotelbarabenecko.cz\/wp-content\/uploads\/2021\/06\/Hotel-Bara-66-768x575.jpg 768w, https:\/\/hotelbarabenecko.cz\/wp-content\/uploads\/2021\/06\/Hotel-Bara-66.jpg 1200w\" sizes=\"auto, (max-width: 1024px) 100vw, 1024px\" \/><\/div><\/div><\/a><\/figure><\/div><\/li><li class=\"kadence-blocks-gallery-item\"><div class=\"kadence-blocks-gallery-item-inner\"><figure class=\"kb-gallery-figure kb-gallery-item-has-link kadence-blocks-gallery-item-hide-caption\" \"><a href=\"http:\/\/hotelbarabenecko.cz\/wp-content\/uploads\/2021\/06\/Hotel-Bara-56.jpg\" class=\"kb-gallery-item-link\"  ><div class=\"kb-gal-image-radius\"><div class=\"kb-gallery-image-contain kadence-blocks-gallery-intrinsic kb-gallery-image-ratio-land32 kb-has-image-ratio-land32\" ><img loading=\"lazy\" decoding=\"async\" src=\"http:\/\/hotelbarabenecko.cz\/wp-content\/uploads\/2021\/06\/Hotel-Bara-56-1024x700.jpg\" width=\"1024\" height=\"700\" alt=\"\" data-full-image=\"http:\/\/hotelbarabenecko.cz\/wp-content\/uploads\/2021\/06\/Hotel-Bara-56.jpg\" data-light-image=\"http:\/\/hotelbarabenecko.cz\/wp-content\/uploads\/2021\/06\/Hotel-Bara-56.jpg\" data-id=\"279\" class=\"wp-image-279\" srcset=\"https:\/\/hotelbarabenecko.cz\/wp-content\/uploads\/2021\/06\/Hotel-Bara-56-1024x700.jpg 1024w, https:\/\/hotelbarabenecko.cz\/wp-content\/uploads\/2021\/06\/Hotel-Bara-56-300x205.jpg 300w, https:\/\/hotelbarabenecko.cz\/wp-content\/uploads\/2021\/06\/Hotel-Bara-56-768x525.jpg 768w, https:\/\/hotelbarabenecko.cz\/wp-content\/uploads\/2021\/06\/Hotel-Bara-56.jpg 1200w\" sizes=\"auto, (max-width: 1024px) 100vw, 1024px\" \/><\/div><\/div><\/a><\/figure><\/div><\/li><li class=\"kadence-blocks-gallery-item\"><div class=\"kadence-blocks-gallery-item-inner\"><figure class=\"kb-gallery-figure kb-gallery-item-has-link kadence-blocks-gallery-item-hide-caption\" \"><a href=\"http:\/\/hotelbarabenecko.cz\/wp-content\/uploads\/2021\/06\/Hotel-Bara-46.jpg\" class=\"kb-gallery-item-link\"  ><div class=\"kb-gal-image-radius\"><div class=\"kb-gallery-image-contain kadence-blocks-gallery-intrinsic kb-gallery-image-ratio-land32 kb-has-image-ratio-land32\" ><img loading=\"lazy\" decoding=\"async\" src=\"http:\/\/hotelbarabenecko.cz\/wp-content\/uploads\/2021\/06\/Hotel-Bara-46-1024x708.jpg\" width=\"1024\" height=\"708\" alt=\"\" data-full-image=\"http:\/\/hotelbarabenecko.cz\/wp-content\/uploads\/2021\/06\/Hotel-Bara-46.jpg\" data-light-image=\"http:\/\/hotelbarabenecko.cz\/wp-content\/uploads\/2021\/06\/Hotel-Bara-46.jpg\" data-id=\"272\" class=\"wp-image-272\" srcset=\"https:\/\/hotelbarabenecko.cz\/wp-content\/uploads\/2021\/06\/Hotel-Bara-46-1024x708.jpg 1024w, https:\/\/hotelbarabenecko.cz\/wp-content\/uploads\/2021\/06\/Hotel-Bara-46-300x208.jpg 300w, https:\/\/hotelbarabenecko.cz\/wp-content\/uploads\/2021\/06\/Hotel-Bara-46-768x531.jpg 768w, https:\/\/hotelbarabenecko.cz\/wp-content\/uploads\/2021\/06\/Hotel-Bara-46.jpg 1200w\" sizes=\"auto, (max-width: 1024px) 100vw, 1024px\" \/><\/div><\/div><\/a><\/figure><\/div><\/li><li class=\"kadence-blocks-gallery-item\"><div class=\"kadence-blocks-gallery-item-inner\"><figure class=\"kb-gallery-figure kb-gallery-item-has-link kadence-blocks-gallery-item-hide-caption\" \"><a href=\"http:\/\/hotelbarabenecko.cz\/wp-content\/uploads\/2021\/06\/Hotel-Bara-60.jpg\" class=\"kb-gallery-item-link\"  ><div class=\"kb-gal-image-radius\"><div class=\"kb-gallery-image-contain kadence-blocks-gallery-intrinsic kb-gallery-image-ratio-land32 kb-has-image-ratio-land32\" ><img loading=\"lazy\" decoding=\"async\" src=\"http:\/\/hotelbarabenecko.cz\/wp-content\/uploads\/2021\/06\/Hotel-Bara-60-1024x663.jpg\" width=\"1024\" height=\"663\" alt=\"\" data-full-image=\"http:\/\/hotelbarabenecko.cz\/wp-content\/uploads\/2021\/06\/Hotel-Bara-60.jpg\" data-light-image=\"http:\/\/hotelbarabenecko.cz\/wp-content\/uploads\/2021\/06\/Hotel-Bara-60.jpg\" data-id=\"285\" class=\"wp-image-285\" srcset=\"https:\/\/hotelbarabenecko.cz\/wp-content\/uploads\/2021\/06\/Hotel-Bara-60-1024x663.jpg 1024w, https:\/\/hotelbarabenecko.cz\/wp-content\/uploads\/2021\/06\/Hotel-Bara-60-300x194.jpg 300w, https:\/\/hotelbarabenecko.cz\/wp-content\/uploads\/2021\/06\/Hotel-Bara-60-768x497.jpg 768w, https:\/\/hotelbarabenecko.cz\/wp-content\/uploads\/2021\/06\/Hotel-Bara-60.jpg 1200w\" sizes=\"auto, (max-width: 1024px) 100vw, 1024px\" \/><\/div><\/div><\/a><\/figure><\/div><\/li><li class=\"kadence-blocks-gallery-item\"><div class=\"kadence-blocks-gallery-item-inner\"><figure class=\"kb-gallery-figure kb-gallery-item-has-link kadence-blocks-gallery-item-hide-caption\" \"><a href=\"http:\/\/hotelbarabenecko.cz\/wp-content\/uploads\/2021\/06\/Hotel-Bara-59-2.jpg\" class=\"kb-gallery-item-link\"  ><div class=\"kb-gal-image-radius\"><div class=\"kb-gallery-image-contain kadence-blocks-gallery-intrinsic kb-gallery-image-ratio-land32 kb-has-image-ratio-land32\" ><img loading=\"lazy\" decoding=\"async\" src=\"http:\/\/hotelbarabenecko.cz\/wp-content\/uploads\/2021\/06\/Hotel-Bara-59-2-1024x673.jpg\" width=\"1024\" height=\"673\" alt=\"\" data-full-image=\"http:\/\/hotelbarabenecko.cz\/wp-content\/uploads\/2021\/06\/Hotel-Bara-59-2.jpg\" data-light-image=\"http:\/\/hotelbarabenecko.cz\/wp-content\/uploads\/2021\/06\/Hotel-Bara-59-2.jpg\" data-id=\"282\" class=\"wp-image-282\" srcset=\"https:\/\/hotelbarabenecko.cz\/wp-content\/uploads\/2021\/06\/Hotel-Bara-59-2-1024x673.jpg 1024w, https:\/\/hotelbarabenecko.cz\/wp-content\/uploads\/2021\/06\/Hotel-Bara-59-2-300x197.jpg 300w, https:\/\/hotelbarabenecko.cz\/wp-content\/uploads\/2021\/06\/Hotel-Bara-59-2-768x505.jpg 768w, https:\/\/hotelbarabenecko.cz\/wp-content\/uploads\/2021\/06\/Hotel-Bara-59-2.jpg 1200w\" sizes=\"auto, (max-width: 1024px) 100vw, 1024px\" \/><\/div><\/div><\/a><\/figure><\/div><\/li><li class=\"kadence-blocks-gallery-item\"><div class=\"kadence-blocks-gallery-item-inner\"><figure class=\"kb-gallery-figure kb-gallery-item-has-link kadence-blocks-gallery-item-hide-caption\" \"><a href=\"http:\/\/hotelbarabenecko.cz\/wp-content\/uploads\/2021\/06\/Hotel-Bara-11.jpg\" class=\"kb-gallery-item-link\"  ><div class=\"kb-gal-image-radius\"><div class=\"kb-gallery-image-contain kadence-blocks-gallery-intrinsic kb-gallery-image-ratio-land32 kb-has-image-ratio-land32\" ><img loading=\"lazy\" decoding=\"async\" src=\"http:\/\/hotelbarabenecko.cz\/wp-content\/uploads\/2021\/06\/Hotel-Bara-11-1024x656.jpg\" width=\"1024\" height=\"656\" alt=\"\" data-full-image=\"http:\/\/hotelbarabenecko.cz\/wp-content\/uploads\/2021\/06\/Hotel-Bara-11.jpg\" data-light-image=\"http:\/\/hotelbarabenecko.cz\/wp-content\/uploads\/2021\/06\/Hotel-Bara-11.jpg\" data-id=\"250\" class=\"wp-image-250\" srcset=\"https:\/\/hotelbarabenecko.cz\/wp-content\/uploads\/2021\/06\/Hotel-Bara-11-1024x656.jpg 1024w, https:\/\/hotelbarabenecko.cz\/wp-content\/uploads\/2021\/06\/Hotel-Bara-11-300x192.jpg 300w, https:\/\/hotelbarabenecko.cz\/wp-content\/uploads\/2021\/06\/Hotel-Bara-11-768x492.jpg 768w, https:\/\/hotelbarabenecko.cz\/wp-content\/uploads\/2021\/06\/Hotel-Bara-11.jpg 1200w\" sizes=\"auto, (max-width: 1024px) 100vw, 1024px\" \/><\/div><\/div><\/a><\/figure><\/div><\/li><\/ul><\/div>\n\n\n<div style=\"height:50px\" aria-hidden=\"true\" class=\"wp-block-spacer\"><\/div>\n","protected":false},"excerpt":{"rendered":"<p>Ubytov\u00e1n\u00ed nab\u00edz\u00edme v letn\u00edch i zimn\u00edch m\u011bs\u00edc\u00edch. Dosp\u011bl\u00ed 950,-K\u010d\/noc D\u00edt\u011b 790,-K\u010d\/noc Polopenze dosp\u011bl\u00fd 240,-K\u010d\/den Polopenze d\u011btsk\u00e1 180,-K\u010d\/den 26 pokoj\u016f na t\u0159ech patrech nab\u00edz\u00ed komfortn\u00ed ubytov\u00e1n\u00ed. Ka\u017ed\u00fd pokoj m\u00e1 vlastn\u00ed koupelnu se sprchov\u00fdm koutem a toaletou, televiz\u00ed a wi-fi zdarma. V\u00fdhled z v\u011bt\u0161iny pokoj\u016f je na Jizersk\u00e9 ho a podh\u016f\u0159\u00ed Krkono\u0161 a stejn\u011b jako z hotelov\u00e9 [&hellip;]<\/p>\n","protected":false},"author":1,"featured_media":0,"parent":0,"menu_order":2,"comment_status":"closed","ping_status":"closed","template":"","meta":{"footnotes":""},"class_list":["post-17","page","type-page","status-publish","hentry"],"_links":{"self":[{"href":"https:\/\/hotelbarabenecko.cz\/en\/wp-json\/wp\/v2\/pages\/17","targetHints":{"allow":["GET"]}}],"collection":[{"href":"https:\/\/hotelbarabenecko.cz\/en\/wp-json\/wp\/v2\/pages"}],"about":[{"href":"https:\/\/hotelbarabenecko.cz\/en\/wp-json\/wp\/v2\/types\/page"}],"author":[{"embeddable":true,"href":"https:\/\/hotelbarabenecko.cz\/en\/wp-json\/wp\/v2\/users\/1"}],"replies":[{"embeddable":true,"href":"https:\/\/hotelbarabenecko.cz\/en\/wp-json\/wp\/v2\/comments?post=17"}],"version-history":[{"count":11,"href":"https:\/\/hotelbarabenecko.cz\/en\/wp-json\/wp\/v2\/pages\/17\/revisions"}],"predecessor-version":[{"id":482,"href":"https:\/\/hotelbarabenecko.cz\/en\/wp-json\/wp\/v2\/pages\/17\/revisions\/482"}],"wp:attachment":[{"href":"https:\/\/hotelbarabenecko.cz\/en\/wp-json\/wp\/v2\/media?parent=17"}],"curies":[{"name":"wp","href":"https:\/\/api.w.org\/{rel}","templated":true}]}}